{"id":18926,"date":"2025-11-10T19:52:55","date_gmt":"2025-11-10T18:52:55","guid":{"rendered":"https:\/\/pttkgronie.radlin.pl\/pttkgronie\/?page_id=18926"},"modified":"2026-04-23T07:57:49","modified_gmt":"2026-04-23T05:57:49","slug":"plan-imprez-na-2026-r","status":"publish","type":"page","link":"https:\/\/pttkgronie.radlin.pl\/pttkgronie\/plan-imprez-na-2026-r\/","title":{"rendered":"Plan imprez na 2026 r."},"content":{"rendered":"\n<h4 class=\"wp-block-heading has-text-align-center\">Plan imprez organizowanych przez Ko\u0142o PTTK &#8222;Gronie&#8221; w 2026 r.<\/h4>\n\n\n\n<div style=\"height:20px\" aria-hidden=\"true\" class=\"wp-block-spacer\"><\/div>\n\n\n\n<figure class=\"wp-block-table is-style-regular\"><table><thead><tr><th>Lp.<\/th><th>Data<\/th><th>Miejsce wycieczki<\/th><\/tr><\/thead><tbody><tr><td>1.<\/td><td>04.01.<\/td><td>Szyndzielnia &#8211; Klimczok (KW\u015a) &#8211; Bystra<\/td><\/tr><tr><td>2.<\/td><td>11.01.<\/td><td>Horn\u00ed Lomn\u00e1; Velk\u00fd Polom<\/td><\/tr><tr><td>3.<\/td><td>18.01.<\/td><td>Barania G\u00f3ra (KW\u015a) ; kulig<\/td><\/tr><tr><td>4.<\/td><td>01.02.<\/td><td>Pilsko (DPG) ; narty<\/td><\/tr><tr><td>5.<\/td><td>15.02.<br>-22.02.<\/td><td>Liptovsk\u00e9 Rev\u00face (zimowisko, narty &#8211; Chopok, Szczyrbskie Pleso)<\/td><\/tr><tr><td>6.<\/td><td>01.03.<\/td><td>Pradziad \/CR\/ ; narty<\/td><\/tr><tr><td>7.<\/td><td>15.03.<\/td><td>P\u00fachovsk\u00e1 vrchovina: P\u00fachov &#8211; Udi\u010da &#8211; Pova\u017esk\u00e9 Podhradie<\/td><\/tr><tr><td>8.<\/td><td>29.03.<\/td><td>SzOG: Podlesice &#8211; Bobolice &#8211; Mir\u00f3w &#8211; \u017barki (Parchowatka KW\u015a)<\/td><\/tr><tr><td>9.<\/td><td>19.04.<\/td><td>Ma\u0142a Fatra: Vr\u00e1tna &#8211; Ve\u013ek\u00fd Kriv\u00e1\u0148 &#8211; Bel\u00e1<\/td><\/tr><tr><td>10.<\/td><td>26.04.<\/td><td>Rysianka \/ Krawc\u00f3w Wierch &#8211; krokusy<\/td><\/tr><tr><td>11.<\/td><td>29.04.-<br>03.05.<\/td><td>Sudecki W\u0142\u00f3czykij (KSN)<\/td><\/tr><tr><td>12.<\/td><td>17.05.<\/td><td>Ma\u0142a Fatra<\/td><\/tr><tr><td>13.<\/td><td>14.06.<\/td><td>54 Rajd po Groniach: R\u00f3wnica<\/td><\/tr><tr><td>14.<\/td><td>22.06-<br>28.06.<\/td><td>\u0141osie w Kampinosie<\/td><\/tr><tr><td>15.<\/td><td>12.07.<\/td><td>TZ: Wit\u00f3w &#8211; Magura Witowska (KT) &#8211; Krupowa &#8211; Oravice<\/td><\/tr><tr><td>16.<\/td><td>26.07.<\/td><td>Star\u00e9 M\u011bsto &#8211; Velehrad &#8211; Buchlovice \/CR\/<\/td><\/tr><tr><td>17.<\/td><td>09.08.<\/td><td>Prze\u0142. Krowiarki w prawo lub w lewo (Babia g\u00f3ra lub Polica)<\/td><\/tr><tr><td>18.<\/td><td>20.08.-<br>23.08.<\/td><td>TZ i NT: Chata \u010cervenec; Koprovy (TD)<\/td><\/tr><tr><td>19.<\/td><td>31.08.-<br>06.09.<\/td><td>Bieszczady (Resort Po\u0142oniny)<\/td><\/tr><tr><td>20.<\/td><td>13.09.<\/td><td>SzOG: Mir\u00f3w &#8211; Z\u0142oty Potok +zamek w Siewierzu<\/td><\/tr><tr><td>21.<\/td><td>04.10.<\/td><td>Silesianka: Kop\u0159ivnice &#8211; B\u00edl\u00e1 hora &#8211; Tr\u00faba (\u0160tramberk); Star\u00fd Ji\u010d\u00edn<\/td><\/tr><tr><td>22.<\/td><td>17.10.<br><strong><mark style=\"background-color:rgba(0, 0, 0, 0);color:#cf2e2e\" class=\"has-inline-color\">(sobota)<\/mark><\/strong><\/td><td>Podsumowanie sezonu: Chata Wuja Toma<\/td><\/tr><tr><td>23.<\/td><td>15.11.<\/td><td>SzOG:  Z\u0142oty Potok &#8211; Olsztyn +( G\u00f3ra Trzech Rzek i Coglowa G\u00f3ra; KW\u015a)<\/td><\/tr><tr><td>24.<\/td><td>29.11.<\/td><td>Termy Basenova<\/td><\/tr><tr><td>25.<\/td><td>20.12.<\/td><td>Jarmark: Drezno<\/td><\/tr><\/tbody><\/table><\/figure>\n\n\n\n<ul class=\"wp-block-list\">\n<li><strong><mark style=\"background-color:rgba(0, 0, 0, 0);color:#ff6900\" class=\"has-inline-color\">KW\u015a &#8211; KORONA WOJEW\u00d3DZTWA \u015aL\u0104SKIEGO<\/mark><\/strong><\/li>\n\n\n\n<li><strong><mark style=\"background-color:rgba(0, 0, 0, 0);color:#ff6900\" class=\"has-inline-color\">KSN &#8211; KORONA SUDET\u00d3W NIEMIECKICH<\/mark><\/strong><\/li>\n\n\n\n<li><strong><mark style=\"background-color:rgba(0, 0, 0, 0);color:#ff6900\" class=\"has-inline-color\">TD &#8211; TATRZA\u0143SKIE DWUTYSI\u0118CZNIKI<\/mark><\/strong><\/li>\n\n\n\n<li><strong><mark style=\"background-color:rgba(0, 0, 0, 0);color:#ff6900\" class=\"has-inline-color\">KT &#8211; KORONA TATR<\/mark><\/strong><\/li>\n\n\n\n<li><strong><mark style=\"background-color:rgba(0, 0, 0, 0);color:#ff6900\" class=\"has-inline-color\">SZOG &#8211; SZLAK ORLICH GNIAZD<\/mark><\/strong><\/li>\n\n\n\n<li><strong><mark style=\"background-color:rgba(0, 0, 0, 0);color:#ff6900\" class=\"has-inline-color\">TZ &#8211; TATRY ZACHODNIE<\/mark><\/strong><\/li>\n\n\n\n<li><strong><mark style=\"background-color:rgba(0, 0, 0, 0);color:#ff6900\" class=\"has-inline-color\">NT &#8211; NI\u017bNE TATRY<\/mark><\/strong><\/li>\n<\/ul>\n\n\n\n<div style=\"height:20px\" aria-hidden=\"true\" class=\"wp-block-spacer\"><\/div>\n\n\n\n<h4 class=\"wp-block-heading has-text-align-center\"><a href=\"https:\/\/pttkgronie.radlin.pl\/pttkgronie\/wp-content\/uploads\/2025\/12\/2026.pdf\" target=\"_blank\" rel=\"noopener\" title=\"\">Plan imprez na 2026 r. do pobrania w formacie .pdf<\/a><\/h4>\n\n\n\n<div style=\"height:20px\" aria-hidden=\"true\" class=\"wp-block-spacer\"><\/div>\n\n\n\n<div style=\"height:20px\" aria-hidden=\"true\" class=\"wp-block-spacer\"><\/div>\n\n\n<div class=\"su-box su-box-style-default\" id=\"\" style=\"border-color:#b73737;border-radius:3px;max-width:none\"><div class=\"su-box-title\" style=\"background-color:#ea6a6a;color:#FFFFFF;border-top-left-radius:1px;border-top-right-radius:1px\">Uwaga<\/div><div class=\"su-box-content su-u-clearfix su-u-trim\" style=\"border-bottom-left-radius:1px;border-bottom-right-radius:1px\"><div class=\"su-list\" style=\"margin-left:0px\">\n<ul>\n<li><i class=\"sui sui-star-o\" style=\"color:#333\"><\/i> Zarz\u0105d Ko\u0142a PTTK &#8222;Gronie&#8221; zastrzega sobie prawo do zmian w planie imprez na rok 2026.<\/li>\n<li><i class=\"sui sui-star-o\" style=\"color:#333\"><\/i> Prosimy o zapoznanie si\u0119 z <a href=\"regulamin-wycieczek\">REGULAMINEM<\/a> wycieczek organizowanych przez Ko\u0142o PTTK &#8222;Gronie&#8221;.<\/li>\n<\/ul>\n<\/div><\/div><\/div>\n","protected":false},"excerpt":{"rendered":"<p>Plan imprez organizowanych przez Ko\u0142o PTTK &#8222;Gronie&#8221; w 2026 r. Lp. Data Miejsce wycieczki 1. 04.01. Szyndzielnia &#8211; Klimczok (KW\u015a) &#8211; Bystra 2. 11.01. Horn\u00ed Lomn\u00e1; Velk\u00fd Polom 3. 18.01. Barania G\u00f3ra (KW\u015a) ; kulig 4. 01.02. Pilsko (DPG) ; narty 5. 15.02.-22.02. Liptovsk\u00e9 Rev\u00face (zimowisko, narty &#8211; Chopok, Szczyrbskie Pleso) 6. 01.03. Pradziad \/CR\/ [&hellip;]<\/p>\n","protected":false},"author":1,"featured_media":0,"parent":0,"menu_order":0,"comment_status":"closed","ping_status":"closed","template":"","meta":{"ngg_post_thumbnail":0,"footnotes":""},"class_list":["post-18926","page","type-page","status-publish","hentry"],"aioseo_notices":[],"_links":{"self":[{"href":"https:\/\/pttkgronie.radlin.pl\/pttkgronie\/wp-json\/wp\/v2\/pages\/18926","targetHints":{"allow":["GET"]}}],"collection":[{"href":"https:\/\/pttkgronie.radlin.pl\/pttkgronie\/wp-json\/wp\/v2\/pages"}],"about":[{"href":"https:\/\/pttkgronie.radlin.pl\/pttkgronie\/wp-json\/wp\/v2\/types\/page"}],"author":[{"embeddable":true,"href":"https:\/\/pttkgronie.radlin.pl\/pttkgronie\/wp-json\/wp\/v2\/users\/1"}],"replies":[{"embeddable":true,"href":"https:\/\/pttkgronie.radlin.pl\/pttkgronie\/wp-json\/wp\/v2\/comments?post=18926"}],"version-history":[{"count":14,"href":"https:\/\/pttkgronie.radlin.pl\/pttkgronie\/wp-json\/wp\/v2\/pages\/18926\/revisions"}],"predecessor-version":[{"id":19793,"href":"https:\/\/pttkgronie.radlin.pl\/pttkgronie\/wp-json\/wp\/v2\/pages\/18926\/revisions\/19793"}],"wp:attachment":[{"href":"https:\/\/pttkgronie.radlin.pl\/pttkgronie\/wp-json\/wp\/v2\/media?parent=18926"}],"curies":[{"name":"wp","href":"https:\/\/api.w.org\/{rel}","templated":true}]}}